{"id":3813,"date":"2021-08-05T14:47:58","date_gmt":"2021-08-05T14:47:58","guid":{"rendered":"https:\/\/aeat.com.br\/aeat\/?page_id=3813"},"modified":"2025-07-29T13:09:40","modified_gmt":"2025-07-29T13:09:40","slug":"diretoria-trienio-2019-2022","status":"publish","type":"page","link":"https:\/\/aeat.com.br\/aeat\/diretoria-trienio-2019-2022\/","title":{"rendered":"DIRETORIA &#8211; Tri\u00eanio 2025\/2028"},"content":{"rendered":"<p><strong>DIRETORIA EXECUTIVA<\/strong><\/p>\n<div>\n<p><b>Presidente \u2013 <\/b>Eng\u00ba Civil e Mec\u00e2nico Ant\u00f4nio Carlos Guimar\u00e3es Silva<\/p>\n<p><b>Vice \u2013 Presidente \u2013 <\/b>Eng\u00ba Civil Eurico Arruda Filho<\/p>\n<p><b>Secret\u00e1rio Geral \u2013 <\/b>Arq. Ant\u00f4nio Ming Hong<\/p>\n<p><b>1\u00ba Secret\u00e1rio \u2013 <\/b>Eng\u00ba Civil Sandy Loreto Caro Villagra<\/p>\n<p><b>Tesoureiro \u2013 <\/b>Eng\u00ba Civil Eduardo Vieira Dias<\/p>\n<p><b>1\u00ba Tesoureiro \u2013 <\/b>Eng\u00ba Civil Carlos Asmar<\/p>\n<p><b>Diretor de Depart. Social \u2013 <\/b>Eng\u00ba Civil Lamartine Xavier de Camargo<\/p>\n<p><b>Vice- Diretor do Depart. Social &#8211; <\/b>Eng\u00ba Civil Ivair Alves dos Santos<\/p>\n<p><b>Secret\u00e1rio do Depart. Social &#8211; <\/b>Eng\u00ba Civil Alexandre Marciel Guimar\u00e3es<\/p>\n<\/div>\n<div>.<\/div>\n<div><strong>Conselho Fiscal:\u00a0<\/strong><\/div>\n<div>\n<p><strong>Presidente<\/strong> &#8211; Eng\u00ba Civil e Mec\u00e2nico Clovis Savio Sim\u00f5es de Paula<\/p>\n<p><b>Vice- Presidente \u2013 <\/b>Eng\u00ba Civil e Agr\u00f4nomo Oscar Tetsuo Urushibata<\/p>\n<p><b>Secret\u00e1rio do Conselho &#8211;<\/b> Eng\u00ba Civil Nelson Nassif de Mesquita<\/p>\n<\/div>\n<div>.<\/div>\n<div><strong>Suplentes:<\/strong><\/div>\n<div>\n<p>Eng\u00ba Civil Germano Kenji Takayama<\/p>\n<p>Eng\u00ba Civil Eduardo Miguel Kater<\/p>\n<p>Eng\u00ba de Minas Ricardo Bonaf\u00e9 Costa<\/p>\n<\/div>\n<div><\/div>\n<div><\/div>\n","protected":false},"excerpt":{"rendered":"<p>DIRETORIA EXECUTIVA<\/p>\n<p>Presidente \u2013 Eng\u00ba Civil e Mec\u00e2nico Ant\u00f4nio Carlos Guimar\u00e3es Silva<br \/>\nVice \u2013 Presidente \u2013 Eng\u00ba Civil Eurico Arruda Filho<br \/>\nSecret\u00e1rio Geral &#8230;<\/p>\n","protected":false},"author":2,"featured_media":0,"parent":0,"menu_order":0,"comment_status":"closed","ping_status":"closed","template":"","meta":{"_acf_changed":false,"footnotes":""},"acf":[],"yoast_head":"<!-- This site is optimized with the Yoast SEO plugin v23.1 - https:\/\/yoast.com\/wordpress\/plugins\/seo\/ -->\n<title>DIRETORIA - Tri\u00eanio 2025\/2028 - AEAT<\/title>\n<meta name=\"robots\" content=\"index, follow, max-snippet:-1, max-image-preview:large, max-video-preview:-1\" \/>\n<link rel=\"canonical\" href=\"https:\/\/aeat.com.br\/aeat\/diretoria-trienio-2019-2022\/\" \/>\n<meta property=\"og:locale\" content=\"pt_BR\" \/>\n<meta property=\"og:type\" content=\"article\" \/>\n<meta property=\"og:title\" content=\"DIRETORIA - Tri\u00eanio 2025\/2028 - AEAT\" \/>\n<meta property=\"og:description\" content=\"DIRETORIA EXECUTIVA Presidente \u2013 Eng\u00ba Civil e Mec\u00e2nico Ant\u00f4nio Carlos Guimar\u00e3es Silva Vice \u2013 Presidente \u2013 Eng\u00ba Civil Eurico Arruda Filho Secret\u00e1rio Geral ...\" \/>\n<meta property=\"og:url\" content=\"https:\/\/aeat.com.br\/aeat\/diretoria-trienio-2019-2022\/\" \/>\n<meta property=\"og:site_name\" content=\"AEAT\" \/>\n<meta property=\"article:publisher\" content=\"https:\/\/www.facebook.com\/Associa%c3%a7%c3%a3o-dos-Engenheiros-e-Arquitetos-de-Taubat%c3%a9-AEAT-620651287980989\/\" \/>\n<meta property=\"article:modified_time\" content=\"2025-07-29T13:09:40+00:00\" \/>\n<meta name=\"twitter:card\" content=\"summary_large_image\" \/>\n<meta name=\"twitter:label1\" content=\"Est. tempo de leitura\" \/>\n\t<meta name=\"twitter:data1\" content=\"1 minuto\" \/>\n<script type=\"application\/ld+json\" class=\"yoast-schema-graph\">{\"@context\":\"https:\/\/schema.org\",\"@graph\":[{\"@type\":\"WebPage\",\"@id\":\"https:\/\/aeat.com.br\/aeat\/diretoria-trienio-2019-2022\/\",\"url\":\"https:\/\/aeat.com.br\/aeat\/diretoria-trienio-2019-2022\/\",\"name\":\"DIRETORIA - Tri\u00eanio 2025\/2028 - AEAT\",\"isPartOf\":{\"@id\":\"https:\/\/aeat.com.br\/aeat\/#website\"},\"datePublished\":\"2021-08-05T14:47:58+00:00\",\"dateModified\":\"2025-07-29T13:09:40+00:00\",\"breadcrumb\":{\"@id\":\"https:\/\/aeat.com.br\/aeat\/diretoria-trienio-2019-2022\/#breadcrumb\"},\"inLanguage\":\"pt-BR\",\"potentialAction\":[{\"@type\":\"ReadAction\",\"target\":[\"https:\/\/aeat.com.br\/aeat\/diretoria-trienio-2019-2022\/\"]}]},{\"@type\":\"BreadcrumbList\",\"@id\":\"https:\/\/aeat.com.br\/aeat\/diretoria-trienio-2019-2022\/#breadcrumb\",\"itemListElement\":[{\"@type\":\"ListItem\",\"position\":1,\"name\":\"Home\",\"item\":\"https:\/\/aeat.com.br\/aeat\/\"},{\"@type\":\"ListItem\",\"position\":2,\"name\":\"DIRETORIA &#8211; Tri\u00eanio 2025\/2028\"}]},{\"@type\":\"WebSite\",\"@id\":\"https:\/\/aeat.com.br\/aeat\/#website\",\"url\":\"https:\/\/aeat.com.br\/aeat\/\",\"name\":\"AEAT\",\"description\":\"Associa\u00e7\u00e3o dos Engenheiros e Arquitetos de Taubat\u00e9\",\"potentialAction\":[{\"@type\":\"SearchAction\",\"target\":{\"@type\":\"EntryPoint\",\"urlTemplate\":\"https:\/\/aeat.com.br\/aeat\/?s={search_term_string}\"},\"query-input\":\"required name=search_term_string\"}],\"inLanguage\":\"pt-BR\"}]}<\/script>\n<!-- \/ Yoast SEO plugin. -->","yoast_head_json":{"title":"DIRETORIA - Tri\u00eanio 2025\/2028 - AEAT","robots":{"index":"index","follow":"follow","max-snippet":"max-snippet:-1","max-image-preview":"max-image-preview:large","max-video-preview":"max-video-preview:-1"},"canonical":"https:\/\/aeat.com.br\/aeat\/diretoria-trienio-2019-2022\/","og_locale":"pt_BR","og_type":"article","og_title":"DIRETORIA - Tri\u00eanio 2025\/2028 - AEAT","og_description":"DIRETORIA EXECUTIVA Presidente \u2013 Eng\u00ba Civil e Mec\u00e2nico Ant\u00f4nio Carlos Guimar\u00e3es Silva Vice \u2013 Presidente \u2013 Eng\u00ba Civil Eurico Arruda Filho Secret\u00e1rio Geral ...","og_url":"https:\/\/aeat.com.br\/aeat\/diretoria-trienio-2019-2022\/","og_site_name":"AEAT","article_publisher":"https:\/\/www.facebook.com\/Associa%c3%a7%c3%a3o-dos-Engenheiros-e-Arquitetos-de-Taubat%c3%a9-AEAT-620651287980989\/","article_modified_time":"2025-07-29T13:09:40+00:00","twitter_card":"summary_large_image","twitter_misc":{"Est. tempo de leitura":"1 minuto"},"schema":{"@context":"https:\/\/schema.org","@graph":[{"@type":"WebPage","@id":"https:\/\/aeat.com.br\/aeat\/diretoria-trienio-2019-2022\/","url":"https:\/\/aeat.com.br\/aeat\/diretoria-trienio-2019-2022\/","name":"DIRETORIA - Tri\u00eanio 2025\/2028 - AEAT","isPartOf":{"@id":"https:\/\/aeat.com.br\/aeat\/#website"},"datePublished":"2021-08-05T14:47:58+00:00","dateModified":"2025-07-29T13:09:40+00:00","breadcrumb":{"@id":"https:\/\/aeat.com.br\/aeat\/diretoria-trienio-2019-2022\/#breadcrumb"},"inLanguage":"pt-BR","potentialAction":[{"@type":"ReadAction","target":["https:\/\/aeat.com.br\/aeat\/diretoria-trienio-2019-2022\/"]}]},{"@type":"BreadcrumbList","@id":"https:\/\/aeat.com.br\/aeat\/diretoria-trienio-2019-2022\/#breadcrumb","itemListElement":[{"@type":"ListItem","position":1,"name":"Home","item":"https:\/\/aeat.com.br\/aeat\/"},{"@type":"ListItem","position":2,"name":"DIRETORIA &#8211; Tri\u00eanio 2025\/2028"}]},{"@type":"WebSite","@id":"https:\/\/aeat.com.br\/aeat\/#website","url":"https:\/\/aeat.com.br\/aeat\/","name":"AEAT","description":"Associa\u00e7\u00e3o dos Engenheiros e Arquitetos de Taubat\u00e9","potentialAction":[{"@type":"SearchAction","target":{"@type":"EntryPoint","urlTemplate":"https:\/\/aeat.com.br\/aeat\/?s={search_term_string}"},"query-input":"required name=search_term_string"}],"inLanguage":"pt-BR"}]}},"_links":{"self":[{"href":"https:\/\/aeat.com.br\/aeat\/wp-json\/wp\/v2\/pages\/3813"}],"collection":[{"href":"https:\/\/aeat.com.br\/aeat\/wp-json\/wp\/v2\/pages"}],"about":[{"href":"https:\/\/aeat.com.br\/aeat\/wp-json\/wp\/v2\/types\/page"}],"author":[{"embeddable":true,"href":"https:\/\/aeat.com.br\/aeat\/wp-json\/wp\/v2\/users\/2"}],"replies":[{"embeddable":true,"href":"https:\/\/aeat.com.br\/aeat\/wp-json\/wp\/v2\/comments?post=3813"}],"version-history":[{"count":7,"href":"https:\/\/aeat.com.br\/aeat\/wp-json\/wp\/v2\/pages\/3813\/revisions"}],"predecessor-version":[{"id":6296,"href":"https:\/\/aeat.com.br\/aeat\/wp-json\/wp\/v2\/pages\/3813\/revisions\/6296"}],"wp:attachment":[{"href":"https:\/\/aeat.com.br\/aeat\/wp-json\/wp\/v2\/media?parent=3813"}],"curies":[{"name":"wp","href":"https:\/\/api.w.org\/{rel}","templated":true}]}}